{"id":6304,"date":"2023-09-06T12:10:32","date_gmt":"2023-09-06T10:10:32","guid":{"rendered":"https:\/\/viveprofit.pl\/?page_id=6304"},"modified":"2025-12-23T15:19:47","modified_gmt":"2025-12-23T14:19:47","slug":"polityka-prywatnosci","status":"publish","type":"page","link":"https:\/\/sklepy.viveprofit.pl\/?page_id=6304","title":{"rendered":"Polityka Prywatno\u015bci"},"content":{"rendered":"\t\t<div data-elementor-type=\"wp-page\" data-elementor-id=\"6304\" class=\"elementor elementor-6304\" data-elementor-post-type=\"page\">\n\t\t\t\t<div class=\"elementor-element elementor-element-92f69eb e-flex e-con-boxed wpr-particle-no wpr-jarallax-no wpr-parallax-no wpr-sticky-section-no e-con e-parent\" data-id=\"92f69eb\" data-element_type=\"container\">\n\t\t\t\t\t<div class=\"e-con-inner\">\n\t\t\t\t<div class=\"elementor-element elementor-element-2386686 elementor-widget elementor-widget-spacer\" data-id=\"2386686\" data-element_type=\"widget\" data-widget_type=\"spacer.default\">\n\t\t\t\t<div class=\"elementor-widget-container\">\n\t\t\t\t\t\t\t<div class=\"elementor-spacer\">\n\t\t\t<div class=\"elementor-spacer-inner\"><\/div>\n\t\t<\/div>\n\t\t\t\t\t\t<\/div>\n\t\t\t\t<\/div>\n\t\t\t\t<div class=\"elementor-element elementor-element-eb939d5 elementor-widget elementor-widget-text-editor\" data-id=\"eb939d5\" data-element_type=\"widget\" data-widget_type=\"text-editor.default\">\n\t\t\t\t<div class=\"elementor-widget-container\">\n\t\t\t\t\t\t\t\t\t<h2>Polityka Prywatno\u015bci<\/h2>\t\t\t\t\t\t\t\t<\/div>\n\t\t\t\t<\/div>\n\t\t\t\t<div class=\"elementor-element elementor-element-87abbc0 elementor-widget elementor-widget-spacer\" data-id=\"87abbc0\" data-element_type=\"widget\" data-widget_type=\"spacer.default\">\n\t\t\t\t<div class=\"elementor-widget-container\">\n\t\t\t\t\t\t\t<div class=\"elementor-spacer\">\n\t\t\t<div class=\"elementor-spacer-inner\"><\/div>\n\t\t<\/div>\n\t\t\t\t\t\t<\/div>\n\t\t\t\t<\/div>\n\t\t\t\t\t<\/div>\n\t\t\t\t<\/div>\n\t\t<div class=\"elementor-element elementor-element-eff6d55 e-flex e-con-boxed wpr-particle-no wpr-jarallax-no wpr-parallax-no wpr-sticky-section-no e-con e-parent\" data-id=\"eff6d55\" data-element_type=\"container\">\n\t\t\t\t\t<div class=\"e-con-inner\">\n\t\t<div class=\"elementor-element elementor-element-a15e0ad e-con-full e-flex wpr-particle-no wpr-jarallax-no wpr-parallax-no wpr-sticky-section-no e-con e-child\" data-id=\"a15e0ad\" data-element_type=\"container\">\n\t\t\t\t<div class=\"elementor-element elementor-element-7c108d6 elementor-widget elementor-widget-text-editor\" data-id=\"7c108d6\" data-element_type=\"widget\" data-widget_type=\"text-editor.default\">\n\t\t\t\t<div class=\"elementor-widget-container\">\n\t\t\t\t\t\t\t\t\t<h4>Cel dokumentu<\/h4><p>\u00a0<\/p><p>Celem dokumentu jest podkre\u015blenie szczeg\u00f3lnego znaczenia, jakie przypisujemy problematyce ochrony danych osobowych Klient\u00f3w, Kontrahent\u00f3w oraz pracownik\u00f3w Grupy VIVE.<br \/>Ochrona danych realizowana jest ze szczeg\u00f3ln\u0105 staranno\u015bci\u0105, zgodnie z wymogami powszechnie obowi\u0105zuj\u0105cych przepis\u00f3w prawa, a w szczeg\u00f3lno\u015bci RODO czyli Og\u00f3lnego rozporz\u0105dzenia o ochronie danych osobowych (Rozporz\u0105dzenie Parlamentu Europejskiego i Rady Unii Europejskiej 2016\/679 z dnia 27 kwietnia 2016 r. w sprawie ochrony os\u00f3b fizycznych w zwi\u0105zku z przetwarzaniem danych osobowych i w sprawie swobodnego przep\u0142ywu takich danych oraz uchylenia dyrektywy 95\/46\/WE).<\/p><p>\u00a0<\/p><h4>O jakich danych m\u00f3wimy?<\/h4><p>\u00a0<\/p><p>Chodzi o dane osobowe, kt\u00f3re s\u0105 zbierane w ramach korzystania przez Ciebie ze stron internetowych, serwis\u00f3w i innych funkcjonalno\u015bci, w tym zapisywanych w plikach cookies oraz dane techniczne: nr IP, typ systemu operacyjnego, typ przegl\u0105darki, informacje o tym, jakie strony w naszych serwisach by\u0142y odwiedzane. Mog\u0105 to by\u0107 dane os\u00f3b zbierane przez ochron\u0119 w momencie wej\u015bcia na teren firmy (imi\u0119, nazwisko, numer rejestracyjny, cel wizyty) oraz dane podawane w celu rejestracji na stronie internetowej. VIVE dba o prawa os\u00f3b, kt\u00f3rych dane przetwarza ze szczeg\u00f3lnym uwzgl\u0119dnieniem prawa do ochrony prywatno\u015bci w tym ochrony danych osobowych. W zwi\u0105zku z powy\u017cszym VIVE stara si\u0119 gromadzi\u0107 jak najmniej danych klient\u00f3w i kontrahent\u00f3w, w tym u\u017cytkownik\u00f3w stron internetowych. Dla lepszego zrozumienia sposobu ochrony i przetwarzania danych U\u017cytkownik\u00f3w stworzyli\u015bmy niniejsz\u0105 Polityk\u0119 Prywatno\u015bci.<\/p><h4>\u00a0<\/h4><h4>Kto jest administratorem Twoich danych?<\/h4><p>\u00a0<\/p><p>Administratorem danych osobowych b\u0119dzie VIVE Textile Recycling (VIVE) ul., \u0141opusza\u0144ska 22, 02-220 Warszawa, NIP: 657-008-10-33, REGON: 290 50 85 29.<br \/>Kontakt z Inspektorem Ochrony Danych jest mo\u017cliwy pod adresem ochrona.danych@vive.com.pl.<\/p><h4>\u00a0<\/h4><h4>W jaki spos\u00f3b zabezpieczamy Twoje dane osobowe?<\/h4><p>\u00a0<\/p><p>Komunikacja mi\u0119dzy Twoim komputerem a naszym serwerem, gdy zbieramy Twoje dane osobowe, jest zaszyfrowana z u\u017cyciem protoko\u0142u SSL (Secure Socket Layer). Dodatkowo nasze bazy danych zabezpieczone s\u0105 przed wgl\u0105dem os\u00f3b trzecich.<br \/>Dane osobowe przetwarzaj\u0105 osoby wy\u0142\u0105cznie upowa\u017cnione albo przetwarzaj\u0105cy, z kt\u00f3rymi podpisane zosta\u0142y umowy powierzenia.<br \/>Dane osobowe s\u0105 przetwarzane z uwzgl\u0119dnieniem zasady: rozliczalno\u015bci, adekwatno\u015bci oraz rzetelno\u015bci.<\/p><h4>\u00a0<\/h4><h4>W jaki celu przetwarzamy Twoje dane?<\/h4><p>\u00a0<\/p><p>Twoje dane osobowe b\u0119d\u0105 przetwarzane przez Administratora wy\u0142\u0105cznie w poni\u017cszych celach:<\/p><p>1. Zawarcia i realizacji umowy lub \u015bwiadczonych przez nas us\u0142ug.<br \/>2. Wysy\u0142ki Newslettera, przesy\u0142ania (za uprzedni\u0105 zgod\u0105) wiadomo\u015bci zawieraj\u0105cych informacje handlowe.<br \/>3. Prowadzenia marketingu podmiot\u00f3w wsp\u00f3\u0142pracuj\u0105cych z Administratorem (za uprzedni\u0105 zgod\u0105).<br \/>4. Dopasowania tre\u015bci stron i tematyki materia\u0142\u00f3w do Twoich zainteresowa\u0144.<br \/>5. Dokonywania pomiar\u00f3w, kt\u00f3re pozwalaj\u0105 nam udoskonala\u0107 nasze us\u0142ugi.<\/p><p>6. Wype\u0142nienia obowi\u0105zku prawnego ci\u0105\u017c\u0105cego na administratorze.<br \/>7. Realizacji prawnie uzasadnionego interesu administratora w celu ustalenia, dochodzenia lub obrony roszcze\u0144, kt\u00f3re mog\u0142yby pojawi\u0107 si\u0119 wyniku realizacji zawartej umowy.<\/p><h4>\u00a0<\/h4><h4>Komu mo\u017cemy przekaza\u0107 Twoje dane?<\/h4><p>\u00a0<\/p><p>Dok\u0142adamy nale\u017cytej staranno\u015bci w celu odpowiedniego zabezpieczenia przekazanych danych osobowych, a w szczeg\u00f3lno\u015bci przed ich udost\u0119pnieniem osobom nieupowa\u017cnionym. Zgodnie z obowi\u0105zuj\u0105cym prawem Twoje dane mo\u017cemy przekazywa\u0107 podmiotom przetwarzaj\u0105cym je na nasze zlecenie, np. agencjom marketingowym, podwykonawcom naszych us\u0142ug. W przypadku kontroli Organu nadzorczego, Twoje dane mog\u0105 zosta\u0107 udost\u0119pnione zgodnie z obowi\u0105zuj\u0105cym prawem. W przypadku podejrzenia naruszenia przepis\u00f3w prawa lub gdy b\u0119d\u0105 wymaga\u0142y tego przepisy prawa, mo\u017cemy udost\u0119pni\u0107 Twoje dane organom wymiaru sprawiedliwo\u015bci.<\/p><h4>\u00a0<\/h4><h4>Jakie masz prawa w stosunku do Twoich danych?<\/h4><p>\u00a0<\/p><p>Ka\u017cda osoba, kt\u00f3rej dane dotycz\u0105, ma prawo dost\u0119pu, sprostowania, usuni\u0119cia, przeniesienia oraz ograniczenia przetwarzania danych przez administratora, a tak\u017ce prawo wniesienia skargi do Prezesa Urz\u0119du Ochrony Danych Osobowych. Ka\u017cda osoba, kt\u00f3rej dane dotycz\u0105, ma prawo sprzeciwu wobec przetwarzania danych przez administratora.<\/p>\t\t\t\t\t\t\t\t<\/div>\n\t\t\t\t<\/div>\n\t\t\t\t<\/div>\n\t\t\t\t\t<\/div>\n\t\t\t\t<\/div>\n\t\t\t\t<\/div>\n\t\t","protected":false},"excerpt":{"rendered":"<p>Polityka Prywatno\u015bci Cel dokumentu \u00a0 Celem dokumentu jest podkre\u015blenie szczeg\u00f3lnego znaczenia, jakie przypisujemy problematyce ochrony danych osobowych Klient\u00f3w, Kontrahent\u00f3w oraz pracownik\u00f3w Grupy VIVE.Ochrona danych realizowana jest ze szczeg\u00f3ln\u0105 staranno\u015bci\u0105, zgodnie z wymogami powszechnie obowi\u0105zuj\u0105cych przepis\u00f3w prawa, a w szczeg\u00f3lno\u015bci RODO czyli Og\u00f3lnego rozporz\u0105dzenia o ochronie danych osobowych (Rozporz\u0105dzenie Parlamentu Europejskiego i Rady Unii Europejskiej 2016\/679 z dnia 27 kwietnia 2016 r. w sprawie ochrony os\u00f3b fizycznych w zwi\u0105zku z przetwarzaniem danych osobowych i w sprawie swobodnego przep\u0142ywu takich danych oraz uchylenia dyrektywy 95\/46\/WE). \u00a0 O jakich danych m\u00f3wimy? \u00a0 Chodzi o dane osobowe, kt\u00f3re s\u0105 zbierane w ramach korzystania przez Ciebie ze stron internetowych, serwis\u00f3w i innych funkcjonalno\u015bci, w tym zapisywanych w plikach cookies oraz dane techniczne: nr IP, typ systemu operacyjnego, typ przegl\u0105darki, informacje o tym, jakie strony w naszych serwisach by\u0142y odwiedzane. Mog\u0105 to by\u0107 dane os\u00f3b zbierane przez ochron\u0119 w momencie wej\u015bcia na teren firmy (imi\u0119, nazwisko, numer rejestracyjny, cel wizyty) oraz dane podawane w celu rejestracji na stronie internetowej. VIVE dba o prawa os\u00f3b, kt\u00f3rych dane przetwarza ze szczeg\u00f3lnym uwzgl\u0119dnieniem prawa do ochrony prywatno\u015bci w tym ochrony danych osobowych. W zwi\u0105zku z powy\u017cszym VIVE stara si\u0119 gromadzi\u0107 jak najmniej danych klient\u00f3w i kontrahent\u00f3w, w tym u\u017cytkownik\u00f3w stron internetowych. Dla lepszego zrozumienia sposobu ochrony i przetwarzania danych U\u017cytkownik\u00f3w stworzyli\u015bmy niniejsz\u0105 Polityk\u0119 Prywatno\u015bci. \u00a0 Kto jest administratorem Twoich danych? \u00a0 Administratorem danych osobowych b\u0119dzie VIVE Textile Recycling (VIVE) ul., \u0141opusza\u0144ska 22, 02-220 Warszawa, NIP: 657-008-10-33, REGON: 290 50 85 29.Kontakt z Inspektorem Ochrony Danych jest mo\u017cliwy pod adresem ochrona.danych@vive.com.pl. \u00a0 W jaki spos\u00f3b zabezpieczamy Twoje dane osobowe? \u00a0 Komunikacja mi\u0119dzy Twoim komputerem a naszym serwerem, gdy zbieramy Twoje dane osobowe, jest zaszyfrowana z u\u017cyciem protoko\u0142u SSL (Secure Socket Layer). Dodatkowo nasze bazy danych zabezpieczone s\u0105 przed wgl\u0105dem os\u00f3b trzecich.Dane osobowe przetwarzaj\u0105 osoby wy\u0142\u0105cznie upowa\u017cnione albo przetwarzaj\u0105cy, z kt\u00f3rymi podpisane zosta\u0142y umowy powierzenia.Dane osobowe s\u0105 przetwarzane z uwzgl\u0119dnieniem zasady: rozliczalno\u015bci, adekwatno\u015bci oraz rzetelno\u015bci. \u00a0 W jaki celu przetwarzamy Twoje dane? \u00a0 Twoje dane osobowe b\u0119d\u0105 przetwarzane przez Administratora wy\u0142\u0105cznie w poni\u017cszych celach: 1. Zawarcia i realizacji umowy lub \u015bwiadczonych przez nas us\u0142ug.2. Wysy\u0142ki Newslettera, przesy\u0142ania (za uprzedni\u0105 zgod\u0105) wiadomo\u015bci zawieraj\u0105cych informacje handlowe.3. Prowadzenia marketingu podmiot\u00f3w wsp\u00f3\u0142pracuj\u0105cych z Administratorem (za uprzedni\u0105 zgod\u0105).4. Dopasowania tre\u015bci stron i tematyki materia\u0142\u00f3w do Twoich zainteresowa\u0144.5. Dokonywania pomiar\u00f3w, kt\u00f3re pozwalaj\u0105 nam udoskonala\u0107 nasze us\u0142ugi. 6. Wype\u0142nienia obowi\u0105zku prawnego ci\u0105\u017c\u0105cego na administratorze.7. Realizacji prawnie uzasadnionego interesu administratora w celu ustalenia, dochodzenia lub obrony roszcze\u0144, kt\u00f3re mog\u0142yby pojawi\u0107 si\u0119 wyniku realizacji zawartej umowy. \u00a0 Komu mo\u017cemy przekaza\u0107 Twoje dane? \u00a0 Dok\u0142adamy nale\u017cytej staranno\u015bci w celu odpowiedniego zabezpieczenia przekazanych danych osobowych, a w szczeg\u00f3lno\u015bci przed ich udost\u0119pnieniem osobom nieupowa\u017cnionym. Zgodnie z obowi\u0105zuj\u0105cym prawem Twoje dane mo\u017cemy przekazywa\u0107 podmiotom przetwarzaj\u0105cym je na nasze zlecenie, np. agencjom marketingowym, podwykonawcom naszych us\u0142ug. W przypadku kontroli Organu nadzorczego, Twoje dane mog\u0105 zosta\u0107 udost\u0119pnione zgodnie z obowi\u0105zuj\u0105cym prawem. W przypadku podejrzenia naruszenia przepis\u00f3w prawa lub gdy b\u0119d\u0105 wymaga\u0142y tego przepisy prawa, mo\u017cemy udost\u0119pni\u0107 Twoje dane organom wymiaru sprawiedliwo\u015bci. \u00a0 Jakie masz prawa w stosunku do Twoich danych? \u00a0 Ka\u017cda osoba, kt\u00f3rej dane dotycz\u0105, ma prawo dost\u0119pu, sprostowania, usuni\u0119cia, przeniesienia oraz ograniczenia przetwarzania danych przez administratora, a tak\u017ce prawo wniesienia skargi do Prezesa Urz\u0119du Ochrony Danych Osobowych. Ka\u017cda osoba, kt\u00f3rej dane dotycz\u0105, ma prawo sprzeciwu wobec przetwarzania danych przez administratora.<\/p>\n","protected":false},"author":8,"featured_media":0,"parent":0,"menu_order":0,"comment_status":"closed","ping_status":"closed","template":"elementor_header_footer","meta":{"_eb_attr":"","footnotes":""},"class_list":["post-6304","page","type-page","status-publish","hentry","entry"],"_links":{"self":[{"href":"https:\/\/sklepy.viveprofit.pl\/index.php?rest_route=\/wp\/v2\/pages\/6304","targetHints":{"allow":["GET"]}}],"collection":[{"href":"https:\/\/sklepy.viveprofit.pl\/index.php?rest_route=\/wp\/v2\/pages"}],"about":[{"href":"https:\/\/sklepy.viveprofit.pl\/index.php?rest_route=\/wp\/v2\/types\/page"}],"author":[{"embeddable":true,"href":"https:\/\/sklepy.viveprofit.pl\/index.php?rest_route=\/wp\/v2\/users\/8"}],"replies":[{"embeddable":true,"href":"https:\/\/sklepy.viveprofit.pl\/index.php?rest_route=%2Fwp%2Fv2%2Fcomments&post=6304"}],"version-history":[{"count":20,"href":"https:\/\/sklepy.viveprofit.pl\/index.php?rest_route=\/wp\/v2\/pages\/6304\/revisions"}],"predecessor-version":[{"id":12173,"href":"https:\/\/sklepy.viveprofit.pl\/index.php?rest_route=\/wp\/v2\/pages\/6304\/revisions\/12173"}],"wp:attachment":[{"href":"https:\/\/sklepy.viveprofit.pl\/index.php?rest_route=%2Fwp%2Fv2%2Fmedia&parent=6304"}],"curies":[{"name":"wp","href":"https:\/\/api.w.org\/{rel}","templated":true}]}}